{"id":4373,"date":"2026-03-04T11:39:50","date_gmt":"2026-03-04T10:39:50","guid":{"rendered":"https:\/\/theoceanconnections.com\/?page_id=4373"},"modified":"2026-04-10T16:39:44","modified_gmt":"2026-04-10T14:39:44","slug":"sergi-galano","status":"publish","type":"page","link":"https:\/\/theoceanconnections.com\/ca\/entrevistas\/sergi-galano\/","title":{"rendered":"Sergi Galano\u0301"},"content":{"rendered":"<h1><strong>Sergi Galan\u00f3<\/strong><\/h1>\n<p><img decoding=\"async\" loading=\"lazy\" src=\"https:\/\/theoceanconnections.com\/wp-content\/uploads\/2026\/03\/Sergi-Galano-Header.webp\"><noscript><img decoding=\"async\" src=\"https:\/\/theoceanconnections.com\/wp-content\/uploads\/2026\/03\/Sergi-Galano-Header.webp\"><\/noscript><\/p>\n<h4>Shaper i fundador de Flama Surf<\/h4>\n<p>Sergi \u00e9s surfista, shaper i fundador de Flama Surf. Al llarg de la seva vida, la fusta, la natura i la sostenibilitat han format una tr\u00edada que ha donat sentit a gaireb\u00e9 tot el que ha fet i continua fent.<\/p>\n<p>Actualment, divideix el seu temps entre dos grans objectius. El primer \u00e9s continuar perfeccionant les seves t\u00e8cniques i materials per desenvolupar cada vegada millors maneres de produir taules de surf. El segon \u00e9s compartir el seu coneixement a trav\u00e9s de xerrades, tallers i formacions, amb l\u2019objectiu que cada cop m\u00e9s persones q\u00fcestionin els models de producci\u00f3 de la ind\u00fastria i s\u2019impliquin en la creaci\u00f3 de noves alternatives que cuidin el planeta.<\/p>\n<p>La seva gran recerca \u00e9s trobar nous materials i noves maneres de producci\u00f3 que retornin a la cultura surfera un comprom\u00eds real i profund amb la natura.<\/p>\n<h3><strong>1. Com va ser el teu proc\u00e9s personal per arribar a connectar la sostenibilitat amb el surf?<\/strong><\/h3>\n<p>Faig surf des de ben petit i sempre m\u2019ha agradat fer-me les coses jo mateix. Treballava la fusta. Vivia a la muntanya, fent-me els meus propis mobles i objectes. I sempre havia tingut la intenci\u00f3 de fer-me una taula de surf.<\/p>\n<p>D\u2019una banda, sabia com de dif\u00edcil era fabricar una taula tradicional d\u2019escuma i fibra, i de l\u2019altra no volia haver de tractar amb tots aquells productes qu\u00edmics contaminants i t\u00f2xics necessaris per fer-les. Aix\u00ed va ser com un dia vaig descobrir una fusta anomenada paul\u00f2nia, resistent a l\u2019aigua, molt lleugera i amb unes propietats mec\u00e0niques que feien possible pensar en fabricar taules completament de fusta, sense necessitat de laminats ni resines.<\/p>\n<p>Quan finalment vaig aconseguir aquesta fusta, vaig dedicar un any sencer a trobar una f\u00f3rmula per poder fabricar taules. Aix\u00ed va comen\u00e7ar la meva aventura amb Flama. Les primeres eren taules buides, una mica m\u00e9s pesades que les tradicionals, cosa que dificultava arribar a una part m\u00e9s gran del mercat.<\/p>\n<p>A partir d\u2019aqu\u00ed vaig comen\u00e7ar a provar amb una segona tecnologia, despr\u00e9s una tercera, una quarta i fins i tot una cinquena, sempre amb la voluntat de fer les coses el m\u00e9s sostenibles possible i arribar a un p\u00fablic m\u00e9s ampli.<\/p>\n<p>Diria que la intenci\u00f3 de crear un producte m\u00e9s sostenible era una cosa que ja portava dins.<\/p>\n<p><img decoding=\"async\" loading=\"lazy\" src=\"https:\/\/news.theoceanconnections.com\/wp-content\/uploads\/2026\/03\/Old-Surfer-Olas.webp\"><noscript><img decoding=\"async\" src=\"https:\/\/news.theoceanconnections.com\/wp-content\/uploads\/2026\/03\/Old-Surfer-Olas.webp\"><\/noscript><\/p>\n<h3><strong>2. Hi ha altres l\u00edders en la ind\u00fastria del surf que treballin amb una visi\u00f3 similar a la teva, ja sigui en taules o en altres productes? Hi ha alg\u00fa que t\u2019inspiri?<\/strong><\/h3>\n<p>Al llarg d\u2019aquest proc\u00e9s, i del meu propi cam\u00ed construint taules, he anat coneixent molta gent que comparteix la mateixa inquietud, cadasc\u00fa intentant trobar solucions a la seva manera. Fins al punt que podr\u00edem dir que existeix un petit col\u00b7lectiu, gaireb\u00e9 invisible, de persones que des dels seus garatges, alguns com a hobby i altres de manera professional, estan aportant les seves pr\u00f2pies alternatives.<\/p>\n<p>Per\u00f2 el m\u00e9s bonic, el m\u00e9s important i el que realment marca la difer\u00e8ncia, \u00e9s que tota aquesta gent est\u00e0 disposada a compartir les seves experi\u00e8ncies i coneixements. Ho gaudeixen, els fa feli\u00e7os poder obrir els seus processos i idees als altres.<\/p>\n<p>Fa uns anys, per exemple, a Austr\u00e0lia se celebrava el <em>Wooden Surf Day<\/em>, una trobada entre amants de les taules de fusta. Amb el temps va evolucionar i va anar m\u00e9s enll\u00e0 de la fusta, obrint-se a les taules sostenibles en general.<\/p>\n<p>A mi em van convidar a Austr\u00e0lia per participar en alguns d\u2019aquests esdeveniments i fer una xerrada sobre les meves taules. M\u00e9s endavant, vaig comen\u00e7ar a organitzar trobades similars. En vam arribar a fer tres a Cant\u00e0bria, amb gent vinguda de tota Europa. Va ser incre\u00efble. Hi havia persones de Gr\u00e8cia, d\u2019It\u00e0lia, de Portugal, d\u2019Esc\u00f2cia\u2026 cadascuna amb la seva proposta, amb alternatives diferents.<\/p>\n<p>Vam arribar a reunir m\u00e9s de 80 taules a la platja. I durant un dia sencer, tot girava al voltant de compartir experi\u00e8ncies.<\/p>\n<p>Aquest esperit de coneixement compartit \u00e9s una de les motivacions que m\u2019ha portat a fer aquest seg\u00fcent pas amb <em>Flama Circular<\/em>. Perqu\u00e8 crec fermament que \u00e9s a trav\u00e9s d\u2019aquest aprenentatge col\u00b7lectiu com podem evolucionar. I si aix\u00f2 acaba inspirant altres sectors, encara millor.<\/p>\n<h3><strong>3. Creus que existeixen contradiccions entre la filosofia \u201csurfera\u201d i la manera com es produeixen i es consumeixen les taules?<\/strong><\/h3>\n<p>En els \u00faltims anys, el col\u00b7lectiu surfista ha comen\u00e7at a prendre consci\u00e8ncia d\u2019una realitat evident: el surf \u00e9s un esport en contacte directe amb la natura, i durant molt de temps se\u2019ns ha vist gaireb\u00e9 com a ecologistes. Per\u00f2 aquesta idea fa anys que ja no \u00e9s del tot certa.<\/p>\n<p>La realitat \u00e9s que la major part del material que utilitzem per practicar surf prov\u00e9 del petroli. S\u00f3n productes t\u00f2xics, contaminants i dif\u00edcilment reciclables. \u00c9s a dir, tot el que envolta aquest esport t\u00e9 molt poc de sostenible.<\/p>\n<p>En els \u00faltims 60 o 70 anys, des que les taules van deixar de ser de fusta i van passar a fabricar-se amb materials derivats del petroli, sumat als vestits de neopr\u00e8, tamb\u00e9 derivats del petroli, i als despla\u00e7aments constants, el surf, en conjunt, continua sent poc sostenible.<\/p>\n<p>Per aix\u00f2, en els darrers anys, s\u2019ha fet cada vegada m\u00e9s evident la necessitat d\u2019introduir canvis. La barrera actual \u00e9s la conscienciaci\u00f3. Que la gent entengui aquesta problem\u00e0tica i descobreixi que existeixen alternatives.<\/p>\n<p>Per sort, hi ha molta gent treballant en solucions. No nom\u00e9s en el m\u00f3n de les taules, com \u00e9s el meu cas, sin\u00f3 tamb\u00e9 en la roba, els neoprens, el cal\u00e7at, els banyadors o fins i tot els protectors solars.<\/p>\n<p>El repte ara \u00e9s fer visibles aquestes alternatives. Explicar que hi s\u00f3n, que s\u00f3n viables, accessibles i reals.<\/p>\n<p>Perqu\u00e8 hi ha una ind\u00fastria contra la qual cal emp\u00e8nyer. Una ind\u00fastria que ha funcionat de la mateixa manera durant d\u00e8cades i que, tot i comen\u00e7ar a canviar, ho fa lentament.<\/p>\n<p><img decoding=\"async\" loading=\"lazy\" src=\"https:\/\/theoceanconnections.com\/wp-content\/uploads\/2026\/03\/hf_20260202_102319_e7af4775-4585-4b33-b055-ae801b56a350-2.webp\"><noscript><img decoding=\"async\" src=\"https:\/\/theoceanconnections.com\/wp-content\/uploads\/2026\/03\/hf_20260202_102319_e7af4775-4585-4b33-b055-ae801b56a350-2.webp\"><\/noscript><\/p>\n<h3><strong>4. Es nota que ets un creador nat. Quants projectes i idees tens girant al voltant de Flama?<\/strong><\/h3>\n<p>Tinc molts projectes sobre la taula. Ara mateix estic desenvolupant una l\u00ednia de taules per a escoles de surf. Avui dia, les escoles han crescut de manera exponencial arreu del m\u00f3n, i moltes utilitzen taules fabricades amb materials irrecuperables o molt dif\u00edcils de reciclar.<\/p>\n<p>El meu objectiu \u00e9s trobar la manera de fabricar taules a partir de restes d\u2019altres taules, creant aix\u00ed un cicle tancat. Que aquests materials tinguin una segona vida i que, al final del seu \u00fas, puguin tornar a ser recuperats.<\/p>\n<p>D\u2019altra banda, tamb\u00e9 estic col\u00b7laborant amb l\u2019ONG Wonderful, que est\u00e0 impulsant projectes a Mo\u00e7ambic i Angola. El que faig \u00e9s acompanyar-los en el naixement del surf en aquests territoris, on aquest esport tot just comen\u00e7a a desenvolupar-se.<\/p>\n<p>A l\u2019\u00c0frica, moltes vegades les taules arriben com poden, des d\u2019Europa o deixades per turistes. La nostra intenci\u00f3 \u00e9s col\u00b7laborar amb aquesta ONG per ensenyar-los a fabricar les seves pr\u00f2pies taules amb els materials disponibles localment. Crear taules africanes, fetes per ells mateixos. Que siguin aut\u00f2noms i no depenguin d\u2019una ind\u00fastria altament contaminant que encara domina a Europa, als Estats Units i a gran part del m\u00f3n.<\/p>\n<p>Hi ha molts projectes en marxa. I la idea de Flama Circular \u00e9s precisament aquesta: crear un espai on, a trav\u00e9s de la col\u00b7laboraci\u00f3, puguem impulsar iniciatives que ens apropin a una manera m\u00e9s sostenible d\u2019habitar el planeta.<\/p>\n<h2>5. Qu\u00e8 \u00e9s el que et fa un Blue Storydoer?<\/h2>\n<h2><strong>Submergeix-te en totes les entrevistes<\/strong><\/h2>\n","protected":false},"excerpt":{"rendered":"<p>Sergi Galan\u00f3 Shaper i fundador de Flama Surf Sergi \u00e9s surfista, shaper i fundador de Flama Surf. Al llarg de la seva vida, la fusta, la natura i la sostenibilitat han format una tr\u00edada que ha donat sentit a gaireb\u00e9 tot el que ha fet i continua fent. Actualment, divideix el seu temps entre dos grans objectius. El primer \u00e9s continuar perfeccionant les seves t\u00e8cniques i materials per desenvolupar cada vegada millors maneres de produir taules de surf. El segon [&hellip;]<\/p>\n","protected":false},"author":1,"featured_media":2630,"parent":3293,"menu_order":0,"comment_status":"closed","ping_status":"closed","template":"","meta":{"footnotes":""},"class_list":["post-4373","page","type-page","status-publish","has-post-thumbnail","hentry"],"_links":{"self":[{"href":"https:\/\/theoceanconnections.com\/ca\/wp-json\/wp\/v2\/pages\/4373","targetHints":{"allow":["GET"]}}],"collection":[{"href":"https:\/\/theoceanconnections.com\/ca\/wp-json\/wp\/v2\/pages"}],"about":[{"href":"https:\/\/theoceanconnections.com\/ca\/wp-json\/wp\/v2\/types\/page"}],"author":[{"embeddable":true,"href":"https:\/\/theoceanconnections.com\/ca\/wp-json\/wp\/v2\/users\/1"}],"replies":[{"embeddable":true,"href":"https:\/\/theoceanconnections.com\/ca\/wp-json\/wp\/v2\/comments?post=4373"}],"version-history":[{"count":7,"href":"https:\/\/theoceanconnections.com\/ca\/wp-json\/wp\/v2\/pages\/4373\/revisions"}],"predecessor-version":[{"id":4381,"href":"https:\/\/theoceanconnections.com\/ca\/wp-json\/wp\/v2\/pages\/4373\/revisions\/4381"}],"up":[{"embeddable":true,"href":"https:\/\/theoceanconnections.com\/ca\/wp-json\/wp\/v2\/pages\/3293"}],"wp:featuredmedia":[{"embeddable":true,"href":"https:\/\/theoceanconnections.com\/ca\/wp-json\/wp\/v2\/media\/2630"}],"wp:attachment":[{"href":"https:\/\/theoceanconnections.com\/ca\/wp-json\/wp\/v2\/media?parent=4373"}],"curies":[{"name":"wp","href":"https:\/\/api.w.org\/{rel}","templated":true}]}}